{"id":366,"date":"2022-08-01T23:46:06","date_gmt":"2022-08-01T21:46:06","guid":{"rendered":"https:\/\/baeckerei-schmitt.de\/baeckerei\/?post_type=portfolio&#038;p=366"},"modified":"2022-08-02T14:56:25","modified_gmt":"2022-08-02T12:56:25","slug":"naturschutzbrot","status":"publish","type":"portfolio","link":"https:\/\/baeckerei-schmitt.de\/baeckerei\/portfolio\/naturschutzbrot\/","title":{"rendered":"Naturschutzbrot"},"content":{"rendered":"[vc_row thb_full_width=&#8220;true&#8220; css=&#8220;.vc_custom_1659444426152{margin-top: -250px !important;margin-bottom: 80px !important;padding-top: 280px !important;padding-bottom: 30px !important;background-color: #f3f3f3 !important;}&#8220;][vc_column][vc_column_text animation=&#8220;animation top-to-bottom&#8220;]\n<h1 style=\"text-align: center;\">Naturschutzbrot<\/h1>\n[\/vc_column_text][\/vc_column][\/vc_row][vc_row][vc_column width=&#8220;1\/3&#8243;][vc_single_image image=&#8220;398&#8243; img_size=&#8220;1000&#215;1000&#8243; onclick=&#8220;zoom&#8220; css_animation=&#8220;fadeInLeft&#8220;][\/vc_column][vc_column width=&#8220;2\/3&#8243;][vc_column_text animation=&#8220;animation fade-in&#8220;]<strong>Bezeichnung:<\/strong><br \/>\nBio-Weizenbrot 500g<\/p>\n<p><strong>Zutaten:<\/strong><br \/>\nBio-Weizen, Dinkelvollkornmehl, Salz, Gew\u00fcrze, Wasser, Hefe<\/p>\n<p><strong>Beschreibung:<\/strong><br \/>\nWir backen mit unged\u00fcngtem Bio-Weizen aus der Region. Weniger D\u00fcnger auf dem Feld bedeutet weniger Nitrat im Grundwasser. Durch den Kauf unseres Naturschutzbrotes\u00a0 sch\u00fctzen Sie Ihr Trinkwasser. Der milde Lindenbl\u00fctensauerteig und ein Anteil von 10% Dinkelvollkornmehl sowie einer Reifezeit von \u00fcber 30 Std. machen dieses Brot zu einem absolutem Hochgenuss.[\/vc_column_text][\/vc_column][\/vc_row][vc_row thb_full_width=&#8220;true&#8220; css=&#8220;.vc_custom_1659444534084{margin-top: 80px !important;padding-top: 80px !important;padding-bottom: 80px !important;background-color: #f3f3f3 !important;}&#8220; el_class=&#8220;tb-center-row&#8220;][vc_column]\t<a class=\"btn-text   style4\" href=\"https:\/\/baeckerei-schmitt.de\/baeckerei\/angebot\/\" target=\"_self\" role=\"button\" title=\"Sehen Sie sich unser Angebot an\">\n\t\t<span>Sehen Sie sich unser Angebot an<\/span>\n\t\t\t\t<div class=\"arrow\"><div><svg xmlns=\"http:\/\/www.w3.org\/2000\/svg\" xmlns:xlink=\"http:\/\/www.w3.org\/1999\/xlink\" x=\"0px\" y=\"0px\"\r\n\t width=\"30px\" height=\"18px\" viewBox=\"0 0 30 18\" enable-background=\"new 0 0 30 18\" xml:space=\"preserve\">\r\n<path class=\"handle\" d=\"M20.305,16.212c-0.407,0.409-0.407,1.071,0,1.479s1.068,0.408,1.476,0l7.914-7.952c0.408-0.409,0.408-1.071,0-1.481\r\n\tl-7.914-7.952c-0.407-0.409-1.068-0.409-1.476,0s-0.407,1.071,0,1.48l7.185,7.221L20.305,16.212z\"\/>\r\n<path class=\"bar\" fill-rule=\"evenodd\" clip-rule=\"evenodd\" d=\"M1,8h28.001c0.551,0,1,0.448,1,1c0,0.553-0.449,1-1,1H1c-0.553,0-1-0.447-1-1\r\n\tC0,8.448,0.447,8,1,8z\"\/>\r\n<\/svg>\r\n<svg xmlns=\"http:\/\/www.w3.org\/2000\/svg\" xmlns:xlink=\"http:\/\/www.w3.org\/1999\/xlink\" x=\"0px\" y=\"0px\"\r\n\t width=\"30px\" height=\"18px\" viewBox=\"0 0 30 18\" enable-background=\"new 0 0 30 18\" xml:space=\"preserve\">\r\n<path class=\"handle\" d=\"M20.305,16.212c-0.407,0.409-0.407,1.071,0,1.479s1.068,0.408,1.476,0l7.914-7.952c0.408-0.409,0.408-1.071,0-1.481\r\n\tl-7.914-7.952c-0.407-0.409-1.068-0.409-1.476,0s-0.407,1.071,0,1.48l7.185,7.221L20.305,16.212z\"\/>\r\n<path class=\"bar\" fill-rule=\"evenodd\" clip-rule=\"evenodd\" d=\"M1,8h28.001c0.551,0,1,0.448,1,1c0,0.553-0.449,1-1,1H1c-0.553,0-1-0.447-1-1\r\n\tC0,8.448,0.447,8,1,8z\"\/>\r\n<\/svg>\r\n<\/div><\/div>\t\t<\/a>\n\n\t[\/vc_column][\/vc_row]\n","protected":false},"excerpt":{"rendered":"<p>[vc_row thb_full_width=&#8220;true&#8220; css=&#8220;.vc_custom_1659444426152{margin-top: -250px !important;margin-bottom: 80px !important;padding-top: 280px !important;padding-bottom: 30px !important;background-color: #f3f3f3 !important;}&#8220;][vc_column][vc_column_text animation=&#8220;animation top-to-bottom&#8220;] Naturschutzbrot [\/vc_column_text][\/vc_column][\/vc_row][vc_row][vc_column width=&#8220;1\/3&#8243;][vc_single_image image=&#8220;398&#8243; img_size=&#8220;1000&#215;1000&#8243; onclick=&#8220;zoom&#8220; css_animation=&#8220;fadeInLeft&#8220;][\/vc_column][vc_column width=&#8220;2\/3&#8243;][vc_column_text animation=&#8220;animation fade-in&#8220;]Bezeichnung: Bio-Weizenbrot 500g Zutaten: Bio-Weizen, Dinkelvollkornmehl, Salz, Gew\u00fcrze, Wasser, Hefe Beschreibung: Wir backen mit unged\u00fcngtem Bio-Weizen aus der Region. Weniger D\u00fcnger auf dem Feld bedeutet weniger Nitrat im Grundwasser. Durch den&hellip;<\/p>\n","protected":false},"featured_media":398,"comment_status":"closed","ping_status":"closed","template":"","tags":[],"class_list":["post-366","portfolio","type-portfolio","status-publish","has-post-thumbnail","hentry","portfolio-category-brote"],"yoast_head":"<!-- This site is optimized with the Yoast SEO Premium plugin v20.0 (Yoast SEO v27.5) - https:\/\/yoast.com\/product\/yoast-seo-premium-wordpress\/ -->\n<title>Naturschutzbrot &#8211; B\u00e4ckerei Schmitt<\/title>\n<meta name=\"robots\" content=\"noindex, follow\" \/>\n<meta property=\"og:locale\" content=\"de_DE\" \/>\n<meta property=\"og:type\" content=\"article\" \/>\n<meta property=\"og:title\" content=\"Naturschutzbrot\" \/>\n<meta property=\"og:description\" content=\"[vc_row thb_full_width=&#8220;true&#8220; css=&#8220;.vc_custom_1659444426152{margin-top: -250px !important;margin-bottom: 80px !important;padding-top: 280px !important;padding-bottom: 30px !important;background-color: #f3f3f3 !important;}&#8220;][vc_column][vc_column_text animation=&#8220;animation top-to-bottom&#8220;] Naturschutzbrot [\/vc_column_text][\/vc_column][\/vc_row][vc_row][vc_column width=&#8220;1\/3&#8243;][vc_single_image image=&#8220;398&#8243; img_size=&#8220;1000&#215;1000&#8243; onclick=&#8220;zoom&#8220; css_animation=&#8220;fadeInLeft&#8220;][\/vc_column][vc_column width=&#8220;2\/3&#8243;][vc_column_text animation=&#8220;animation fade-in&#8220;]Bezeichnung: Bio-Weizenbrot 500g Zutaten: Bio-Weizen, Dinkelvollkornmehl, Salz, Gew\u00fcrze, Wasser, Hefe Beschreibung: Wir backen mit unged\u00fcngtem Bio-Weizen aus der Region. Weniger D\u00fcnger auf dem Feld bedeutet weniger Nitrat im Grundwasser. Durch den&hellip;\" \/>\n<meta property=\"og:url\" content=\"https:\/\/baeckerei-schmitt.de\/baeckerei\/portfolio\/naturschutzbrot\/\" \/>\n<meta property=\"og:site_name\" content=\"B\u00e4ckerei Schmitt\" \/>\n<meta property=\"article:modified_time\" content=\"2022-08-02T12:56:25+00:00\" \/>\n<meta property=\"og:image\" content=\"https:\/\/baeckerei-schmitt.de\/cms\/content\/uploads\/sites\/2\/img\/fotos\/sortiment\/brote\/naturschutzbrot_compressed2.jpg\" \/>\n\t<meta property=\"og:image:width\" content=\"1000\" \/>\n\t<meta property=\"og:image:height\" content=\"1002\" \/>\n\t<meta property=\"og:image:type\" content=\"image\/jpeg\" \/>\n<meta name=\"twitter:card\" content=\"summary_large_image\" \/>\n<script type=\"application\/ld+json\" class=\"yoast-schema-graph\">{\"@context\":\"https:\\\/\\\/schema.org\",\"@graph\":[{\"@type\":\"WebPage\",\"@id\":\"https:\\\/\\\/baeckerei-schmitt.de\\\/baeckerei\\\/portfolio\\\/naturschutzbrot\\\/\",\"url\":\"https:\\\/\\\/baeckerei-schmitt.de\\\/baeckerei\\\/portfolio\\\/naturschutzbrot\\\/\",\"name\":\"Naturschutzbrot &#8211; B\u00e4ckerei Schmitt\",\"isPartOf\":{\"@id\":\"https:\\\/\\\/baeckerei-schmitt.de\\\/baeckerei\\\/#website\"},\"primaryImageOfPage\":{\"@id\":\"https:\\\/\\\/baeckerei-schmitt.de\\\/baeckerei\\\/portfolio\\\/naturschutzbrot\\\/#primaryimage\"},\"image\":{\"@id\":\"https:\\\/\\\/baeckerei-schmitt.de\\\/baeckerei\\\/portfolio\\\/naturschutzbrot\\\/#primaryimage\"},\"thumbnailUrl\":\"https:\\\/\\\/baeckerei-schmitt.de\\\/cms\\\/content\\\/uploads\\\/sites\\\/2\\\/img\\\/fotos\\\/sortiment\\\/brote\\\/naturschutzbrot_compressed2.jpg\",\"datePublished\":\"2022-08-01T21:46:06+00:00\",\"dateModified\":\"2022-08-02T12:56:25+00:00\",\"breadcrumb\":{\"@id\":\"https:\\\/\\\/baeckerei-schmitt.de\\\/baeckerei\\\/portfolio\\\/naturschutzbrot\\\/#breadcrumb\"},\"inLanguage\":\"de\",\"potentialAction\":[{\"@type\":\"ReadAction\",\"target\":[\"https:\\\/\\\/baeckerei-schmitt.de\\\/baeckerei\\\/portfolio\\\/naturschutzbrot\\\/\"]}]},{\"@type\":\"ImageObject\",\"inLanguage\":\"de\",\"@id\":\"https:\\\/\\\/baeckerei-schmitt.de\\\/baeckerei\\\/portfolio\\\/naturschutzbrot\\\/#primaryimage\",\"url\":\"https:\\\/\\\/baeckerei-schmitt.de\\\/cms\\\/content\\\/uploads\\\/sites\\\/2\\\/img\\\/fotos\\\/sortiment\\\/brote\\\/naturschutzbrot_compressed2.jpg\",\"contentUrl\":\"https:\\\/\\\/baeckerei-schmitt.de\\\/cms\\\/content\\\/uploads\\\/sites\\\/2\\\/img\\\/fotos\\\/sortiment\\\/brote\\\/naturschutzbrot_compressed2.jpg\",\"width\":1000,\"height\":1002},{\"@type\":\"BreadcrumbList\",\"@id\":\"https:\\\/\\\/baeckerei-schmitt.de\\\/baeckerei\\\/portfolio\\\/naturschutzbrot\\\/#breadcrumb\",\"itemListElement\":[{\"@type\":\"ListItem\",\"position\":1,\"name\":\"Home\",\"item\":\"https:\\\/\\\/baeckerei-schmitt.de\\\/baeckerei\\\/\"},{\"@type\":\"ListItem\",\"position\":2,\"name\":\"Naturschutzbrot\"}]},{\"@type\":\"WebSite\",\"@id\":\"https:\\\/\\\/baeckerei-schmitt.de\\\/baeckerei\\\/#website\",\"url\":\"https:\\\/\\\/baeckerei-schmitt.de\\\/baeckerei\\\/\",\"name\":\"B\u00e4ckerei Schmitt\",\"description\":\"Der B\u00e4cker aus der Nachbarschaft\",\"publisher\":{\"@id\":\"https:\\\/\\\/baeckerei-schmitt.de\\\/baeckerei\\\/#organization\"},\"potentialAction\":[{\"@type\":\"SearchAction\",\"target\":{\"@type\":\"EntryPoint\",\"urlTemplate\":\"https:\\\/\\\/baeckerei-schmitt.de\\\/baeckerei\\\/?s={search_term_string}\"},\"query-input\":{\"@type\":\"PropertyValueSpecification\",\"valueRequired\":true,\"valueName\":\"search_term_string\"}}],\"inLanguage\":\"de\"},{\"@type\":[\"Organization\",\"Place\",\"Bakery\"],\"@id\":\"https:\\\/\\\/baeckerei-schmitt.de\\\/baeckerei\\\/#organization\",\"name\":\"B\u00e4ckerei Schmitt\",\"url\":\"https:\\\/\\\/baeckerei-schmitt.de\\\/baeckerei\\\/\",\"logo\":{\"@id\":\"https:\\\/\\\/baeckerei-schmitt.de\\\/baeckerei\\\/portfolio\\\/naturschutzbrot\\\/#local-main-organization-logo\"},\"image\":{\"@id\":\"https:\\\/\\\/baeckerei-schmitt.de\\\/baeckerei\\\/portfolio\\\/naturschutzbrot\\\/#local-main-organization-logo\"},\"address\":{\"@id\":\"https:\\\/\\\/baeckerei-schmitt.de\\\/baeckerei\\\/portfolio\\\/naturschutzbrot\\\/#local-main-place-address\"},\"geo\":{\"@type\":\"GeoCoordinates\",\"latitude\":\"49.8872734\",\"longitude\":\"10.3115179\"},\"telephone\":[\"+49 9382 8343\"],\"openingHoursSpecification\":[{\"@type\":\"OpeningHoursSpecification\",\"dayOfWeek\":[\"Monday\",\"Tuesday\",\"Wednesday\",\"Thursday\",\"Friday\"],\"opens\":\"06:00\",\"closes\":\"18:00\"},{\"@type\":\"OpeningHoursSpecification\",\"dayOfWeek\":[\"Saturday\"],\"opens\":\"06:00\",\"closes\":\"13:00\"},{\"@type\":\"OpeningHoursSpecification\",\"dayOfWeek\":[\"Sunday\"],\"opens\":\"00:00\",\"closes\":\"00:00\"}],\"email\":\"info@baeckerei-schmitt.de\",\"faxNumber\":\"+49 9382 8443\",\"areaServed\":\"Frankenwinheim, Gerolzhofen, Mainschleife, Franken\",\"currenciesAccepted\":\"\u20ac\"},{\"@type\":\"PostalAddress\",\"@id\":\"https:\\\/\\\/baeckerei-schmitt.de\\\/baeckerei\\\/portfolio\\\/naturschutzbrot\\\/#local-main-place-address\",\"streetAddress\":\"Gerolzh\u00f6fer Stra\u00dfe 3\",\"addressLocality\":\"Frankenwinheim\",\"postalCode\":\"97447\",\"addressRegion\":\"Bayern\",\"addressCountry\":\"DE\"},{\"@type\":\"ImageObject\",\"inLanguage\":\"de\",\"@id\":\"https:\\\/\\\/baeckerei-schmitt.de\\\/baeckerei\\\/portfolio\\\/naturschutzbrot\\\/#local-main-organization-logo\",\"url\":\"https:\\\/\\\/baeckerei-schmitt.de\\\/cms\\\/content\\\/uploads\\\/sites\\\/2\\\/img\\\/logo\\\/logo_baeckerei_svg.svg\",\"contentUrl\":\"https:\\\/\\\/baeckerei-schmitt.de\\\/cms\\\/content\\\/uploads\\\/sites\\\/2\\\/img\\\/logo\\\/logo_baeckerei_svg.svg\",\"caption\":\"B\u00e4ckerei Schmitt\"}]}<\/script>\n<meta name=\"geo.placename\" content=\"Frankenwinheim\" \/>\n<meta name=\"geo.position\" content=\"49.8872734;10.3115179\" \/>\n<meta name=\"geo.region\" content=\"Deutschland\" \/>\n<!-- \/ Yoast SEO Premium plugin. -->","yoast_head_json":{"title":"Naturschutzbrot &#8211; B\u00e4ckerei Schmitt","robots":{"index":"noindex","follow":"follow"},"og_locale":"de_DE","og_type":"article","og_title":"Naturschutzbrot","og_description":"[vc_row thb_full_width=&#8220;true&#8220; css=&#8220;.vc_custom_1659444426152{margin-top: -250px !important;margin-bottom: 80px !important;padding-top: 280px !important;padding-bottom: 30px !important;background-color: #f3f3f3 !important;}&#8220;][vc_column][vc_column_text animation=&#8220;animation top-to-bottom&#8220;] Naturschutzbrot [\/vc_column_text][\/vc_column][\/vc_row][vc_row][vc_column width=&#8220;1\/3&#8243;][vc_single_image image=&#8220;398&#8243; img_size=&#8220;1000&#215;1000&#8243; onclick=&#8220;zoom&#8220; css_animation=&#8220;fadeInLeft&#8220;][\/vc_column][vc_column width=&#8220;2\/3&#8243;][vc_column_text animation=&#8220;animation fade-in&#8220;]Bezeichnung: Bio-Weizenbrot 500g Zutaten: Bio-Weizen, Dinkelvollkornmehl, Salz, Gew\u00fcrze, Wasser, Hefe Beschreibung: Wir backen mit unged\u00fcngtem Bio-Weizen aus der Region. Weniger D\u00fcnger auf dem Feld bedeutet weniger Nitrat im Grundwasser. Durch den&hellip;","og_url":"https:\/\/baeckerei-schmitt.de\/baeckerei\/portfolio\/naturschutzbrot\/","og_site_name":"B\u00e4ckerei Schmitt","article_modified_time":"2022-08-02T12:56:25+00:00","og_image":[{"width":1000,"height":1002,"url":"https:\/\/baeckerei-schmitt.de\/cms\/content\/uploads\/sites\/2\/img\/fotos\/sortiment\/brote\/naturschutzbrot_compressed2.jpg","type":"image\/jpeg"}],"twitter_card":"summary_large_image","schema":{"@context":"https:\/\/schema.org","@graph":[{"@type":"WebPage","@id":"https:\/\/baeckerei-schmitt.de\/baeckerei\/portfolio\/naturschutzbrot\/","url":"https:\/\/baeckerei-schmitt.de\/baeckerei\/portfolio\/naturschutzbrot\/","name":"Naturschutzbrot &#8211; B\u00e4ckerei Schmitt","isPartOf":{"@id":"https:\/\/baeckerei-schmitt.de\/baeckerei\/#website"},"primaryImageOfPage":{"@id":"https:\/\/baeckerei-schmitt.de\/baeckerei\/portfolio\/naturschutzbrot\/#primaryimage"},"image":{"@id":"https:\/\/baeckerei-schmitt.de\/baeckerei\/portfolio\/naturschutzbrot\/#primaryimage"},"thumbnailUrl":"https:\/\/baeckerei-schmitt.de\/cms\/content\/uploads\/sites\/2\/img\/fotos\/sortiment\/brote\/naturschutzbrot_compressed2.jpg","datePublished":"2022-08-01T21:46:06+00:00","dateModified":"2022-08-02T12:56:25+00:00","breadcrumb":{"@id":"https:\/\/baeckerei-schmitt.de\/baeckerei\/portfolio\/naturschutzbrot\/#breadcrumb"},"inLanguage":"de","potentialAction":[{"@type":"ReadAction","target":["https:\/\/baeckerei-schmitt.de\/baeckerei\/portfolio\/naturschutzbrot\/"]}]},{"@type":"ImageObject","inLanguage":"de","@id":"https:\/\/baeckerei-schmitt.de\/baeckerei\/portfolio\/naturschutzbrot\/#primaryimage","url":"https:\/\/baeckerei-schmitt.de\/cms\/content\/uploads\/sites\/2\/img\/fotos\/sortiment\/brote\/naturschutzbrot_compressed2.jpg","contentUrl":"https:\/\/baeckerei-schmitt.de\/cms\/content\/uploads\/sites\/2\/img\/fotos\/sortiment\/brote\/naturschutzbrot_compressed2.jpg","width":1000,"height":1002},{"@type":"BreadcrumbList","@id":"https:\/\/baeckerei-schmitt.de\/baeckerei\/portfolio\/naturschutzbrot\/#breadcrumb","itemListElement":[{"@type":"ListItem","position":1,"name":"Home","item":"https:\/\/baeckerei-schmitt.de\/baeckerei\/"},{"@type":"ListItem","position":2,"name":"Naturschutzbrot"}]},{"@type":"WebSite","@id":"https:\/\/baeckerei-schmitt.de\/baeckerei\/#website","url":"https:\/\/baeckerei-schmitt.de\/baeckerei\/","name":"B\u00e4ckerei Schmitt","description":"Der B\u00e4cker aus der Nachbarschaft","publisher":{"@id":"https:\/\/baeckerei-schmitt.de\/baeckerei\/#organization"},"potentialAction":[{"@type":"SearchAction","target":{"@type":"EntryPoint","urlTemplate":"https:\/\/baeckerei-schmitt.de\/baeckerei\/?s={search_term_string}"},"query-input":{"@type":"PropertyValueSpecification","valueRequired":true,"valueName":"search_term_string"}}],"inLanguage":"de"},{"@type":["Organization","Place","Bakery"],"@id":"https:\/\/baeckerei-schmitt.de\/baeckerei\/#organization","name":"B\u00e4ckerei Schmitt","url":"https:\/\/baeckerei-schmitt.de\/baeckerei\/","logo":{"@id":"https:\/\/baeckerei-schmitt.de\/baeckerei\/portfolio\/naturschutzbrot\/#local-main-organization-logo"},"image":{"@id":"https:\/\/baeckerei-schmitt.de\/baeckerei\/portfolio\/naturschutzbrot\/#local-main-organization-logo"},"address":{"@id":"https:\/\/baeckerei-schmitt.de\/baeckerei\/portfolio\/naturschutzbrot\/#local-main-place-address"},"geo":{"@type":"GeoCoordinates","latitude":"49.8872734","longitude":"10.3115179"},"telephone":["+49 9382 8343"],"openingHoursSpecification":[{"@type":"OpeningHoursSpecification","dayOfWeek":["Monday","Tuesday","Wednesday","Thursday","Friday"],"opens":"06:00","closes":"18:00"},{"@type":"OpeningHoursSpecification","dayOfWeek":["Saturday"],"opens":"06:00","closes":"13:00"},{"@type":"OpeningHoursSpecification","dayOfWeek":["Sunday"],"opens":"00:00","closes":"00:00"}],"email":"info@baeckerei-schmitt.de","faxNumber":"+49 9382 8443","areaServed":"Frankenwinheim, Gerolzhofen, Mainschleife, Franken","currenciesAccepted":"\u20ac"},{"@type":"PostalAddress","@id":"https:\/\/baeckerei-schmitt.de\/baeckerei\/portfolio\/naturschutzbrot\/#local-main-place-address","streetAddress":"Gerolzh\u00f6fer Stra\u00dfe 3","addressLocality":"Frankenwinheim","postalCode":"97447","addressRegion":"Bayern","addressCountry":"DE"},{"@type":"ImageObject","inLanguage":"de","@id":"https:\/\/baeckerei-schmitt.de\/baeckerei\/portfolio\/naturschutzbrot\/#local-main-organization-logo","url":"https:\/\/baeckerei-schmitt.de\/cms\/content\/uploads\/sites\/2\/img\/logo\/logo_baeckerei_svg.svg","contentUrl":"https:\/\/baeckerei-schmitt.de\/cms\/content\/uploads\/sites\/2\/img\/logo\/logo_baeckerei_svg.svg","caption":"B\u00e4ckerei Schmitt"}]},"geo.placename":"Frankenwinheim","geo.position":{"lat":"49.8872734","long":"10.3115179"},"geo.region":"Deutschland"},"_links":{"self":[{"href":"https:\/\/baeckerei-schmitt.de\/baeckerei\/wp-json\/wp\/v2\/portfolio\/366","targetHints":{"allow":["GET"]}}],"collection":[{"href":"https:\/\/baeckerei-schmitt.de\/baeckerei\/wp-json\/wp\/v2\/portfolio"}],"about":[{"href":"https:\/\/baeckerei-schmitt.de\/baeckerei\/wp-json\/wp\/v2\/types\/portfolio"}],"replies":[{"embeddable":true,"href":"https:\/\/baeckerei-schmitt.de\/baeckerei\/wp-json\/wp\/v2\/comments?post=366"}],"version-history":[{"count":2,"href":"https:\/\/baeckerei-schmitt.de\/baeckerei\/wp-json\/wp\/v2\/portfolio\/366\/revisions"}],"predecessor-version":[{"id":574,"href":"https:\/\/baeckerei-schmitt.de\/baeckerei\/wp-json\/wp\/v2\/portfolio\/366\/revisions\/574"}],"wp:featuredmedia":[{"embeddable":true,"href":"https:\/\/baeckerei-schmitt.de\/baeckerei\/wp-json\/wp\/v2\/media\/398"}],"wp:attachment":[{"href":"https:\/\/baeckerei-schmitt.de\/baeckerei\/wp-json\/wp\/v2\/media?parent=366"}],"wp:term":[{"taxonomy":"post_tag","embeddable":true,"href":"https:\/\/baeckerei-schmitt.de\/baeckerei\/wp-json\/wp\/v2\/tags?post=366"}],"curies":[{"name":"wp","href":"https:\/\/api.w.org\/{rel}","templated":true}]}}