{"id":370,"date":"2022-08-01T23:47:14","date_gmt":"2022-08-01T21:47:14","guid":{"rendered":"https:\/\/baeckerei-schmitt.de\/baeckerei\/?post_type=portfolio&#038;p=370"},"modified":"2022-08-02T15:10:40","modified_gmt":"2022-08-02T13:10:40","slug":"uri-leckerkruste","status":"publish","type":"portfolio","link":"https:\/\/baeckerei-schmitt.de\/baeckerei\/portfolio\/uri-leckerkruste\/","title":{"rendered":"Uri-Leckerkruste"},"content":{"rendered":"[vc_row thb_full_width=&#8220;true&#8220; css=&#8220;.vc_custom_1659444426152{margin-top: -250px !important;margin-bottom: 80px !important;padding-top: 280px !important;padding-bottom: 30px !important;background-color: #f3f3f3 !important;}&#8220;][vc_column][vc_column_text animation=&#8220;animation top-to-bottom&#8220;]\n<h1 style=\"text-align: center;\">Uri-Leckerkruste<\/h1>\n[\/vc_column_text][\/vc_column][\/vc_row][vc_row][vc_column width=&#8220;1\/3&#8243;][vc_single_image image=&#8220;354&#8243; img_size=&#8220;1000&#215;1000&#8243; onclick=&#8220;zoom&#8220; css_animation=&#8220;fadeInLeft&#8220;][\/vc_column][vc_column width=&#8220;2\/3&#8243;][vc_column_text animation=&#8220;animation fade-in&#8220;]<strong>Bezeichnung:<\/strong><br \/>\nUrkorn &#8211; Saatenbrot<\/p>\n<p><strong>Zutaten:<\/strong><br \/>\nEinkorn, Emmer, Dinkel, Dinkelsauerteig, Sesam, Leinsaat, Steinsalz, Backhefe<\/p>\n<p><strong>Beschreibung:<br \/>\n<\/strong>Einkorn, Emmer und Dinkel sind die drei Urgetreidesorten, die bei diesem au\u00dfergew\u00f6hnlichen Spezialbrot zum Einsatz kommen. Als Getreide der Urzeit und Vorfahren unserer jetzigen Getreidesorten, bringen diese besonderen K\u00f6rner l\u00e4ngst vergessene Aromen und Geschm\u00e4cker in unser Brot. Eine extra krachende Kruste rundet dieses Geschmackserlebnis ab. Die leicht nussigen Aromen von Emmer und Dinkel\u00a0 harmonieren wunderbar mit Aromatischem K\u00e4se oder rauchigem Schinken.[\/vc_column_text][\/vc_column][\/vc_row][vc_row thb_full_width=&#8220;true&#8220; css=&#8220;.vc_custom_1659444534084{margin-top: 80px !important;padding-top: 80px !important;padding-bottom: 80px !important;background-color: #f3f3f3 !important;}&#8220; el_class=&#8220;tb-center-row&#8220;][vc_column]\t<a class=\"btn-text   style4\" href=\"https:\/\/baeckerei-schmitt.de\/baeckerei\/angebot\/\" target=\"_self\" role=\"button\" title=\"Sehen Sie sich unser Angebot an\">\n\t\t<span>Sehen Sie sich unser Angebot an<\/span>\n\t\t\t\t<div class=\"arrow\"><div><svg xmlns=\"http:\/\/www.w3.org\/2000\/svg\" xmlns:xlink=\"http:\/\/www.w3.org\/1999\/xlink\" x=\"0px\" y=\"0px\"\r\n\t width=\"30px\" height=\"18px\" viewBox=\"0 0 30 18\" enable-background=\"new 0 0 30 18\" xml:space=\"preserve\">\r\n<path class=\"handle\" d=\"M20.305,16.212c-0.407,0.409-0.407,1.071,0,1.479s1.068,0.408,1.476,0l7.914-7.952c0.408-0.409,0.408-1.071,0-1.481\r\n\tl-7.914-7.952c-0.407-0.409-1.068-0.409-1.476,0s-0.407,1.071,0,1.48l7.185,7.221L20.305,16.212z\"\/>\r\n<path class=\"bar\" fill-rule=\"evenodd\" clip-rule=\"evenodd\" d=\"M1,8h28.001c0.551,0,1,0.448,1,1c0,0.553-0.449,1-1,1H1c-0.553,0-1-0.447-1-1\r\n\tC0,8.448,0.447,8,1,8z\"\/>\r\n<\/svg>\r\n<svg xmlns=\"http:\/\/www.w3.org\/2000\/svg\" xmlns:xlink=\"http:\/\/www.w3.org\/1999\/xlink\" x=\"0px\" y=\"0px\"\r\n\t width=\"30px\" height=\"18px\" viewBox=\"0 0 30 18\" enable-background=\"new 0 0 30 18\" xml:space=\"preserve\">\r\n<path class=\"handle\" d=\"M20.305,16.212c-0.407,0.409-0.407,1.071,0,1.479s1.068,0.408,1.476,0l7.914-7.952c0.408-0.409,0.408-1.071,0-1.481\r\n\tl-7.914-7.952c-0.407-0.409-1.068-0.409-1.476,0s-0.407,1.071,0,1.48l7.185,7.221L20.305,16.212z\"\/>\r\n<path class=\"bar\" fill-rule=\"evenodd\" clip-rule=\"evenodd\" d=\"M1,8h28.001c0.551,0,1,0.448,1,1c0,0.553-0.449,1-1,1H1c-0.553,0-1-0.447-1-1\r\n\tC0,8.448,0.447,8,1,8z\"\/>\r\n<\/svg>\r\n<\/div><\/div>\t\t<\/a>\n\n\t[\/vc_column][\/vc_row]\n","protected":false},"excerpt":{"rendered":"<p>[vc_row thb_full_width=&#8220;true&#8220; css=&#8220;.vc_custom_1659444426152{margin-top: -250px !important;margin-bottom: 80px !important;padding-top: 280px !important;padding-bottom: 30px !important;background-color: #f3f3f3 !important;}&#8220;][vc_column][vc_column_text animation=&#8220;animation top-to-bottom&#8220;] Uri-Leckerkruste [\/vc_column_text][\/vc_column][\/vc_row][vc_row][vc_column width=&#8220;1\/3&#8243;][vc_single_image image=&#8220;354&#8243; img_size=&#8220;1000&#215;1000&#8243; onclick=&#8220;zoom&#8220; css_animation=&#8220;fadeInLeft&#8220;][\/vc_column][vc_column width=&#8220;2\/3&#8243;][vc_column_text animation=&#8220;animation fade-in&#8220;]Bezeichnung: Urkorn &#8211; Saatenbrot Zutaten: Einkorn, Emmer, Dinkel, Dinkelsauerteig, Sesam, Leinsaat, Steinsalz, Backhefe Beschreibung: Einkorn, Emmer und Dinkel sind die drei Urgetreidesorten, die bei diesem au\u00dfergew\u00f6hnlichen Spezialbrot zum Einsatz kommen. Als&hellip;<\/p>\n","protected":false},"featured_media":354,"comment_status":"closed","ping_status":"closed","template":"","tags":[],"class_list":["post-370","portfolio","type-portfolio","status-publish","has-post-thumbnail","hentry","portfolio-category-brote"],"yoast_head":"<!-- This site is optimized with the Yoast SEO Premium plugin v20.0 (Yoast SEO v27.5) - https:\/\/yoast.com\/product\/yoast-seo-premium-wordpress\/ -->\n<title>Uri-Leckerkruste &#8211; B\u00e4ckerei Schmitt<\/title>\n<meta name=\"robots\" content=\"noindex, follow\" \/>\n<meta property=\"og:locale\" content=\"de_DE\" \/>\n<meta property=\"og:type\" content=\"article\" \/>\n<meta property=\"og:title\" content=\"Uri-Leckerkruste\" \/>\n<meta property=\"og:description\" content=\"[vc_row thb_full_width=&#8220;true&#8220; css=&#8220;.vc_custom_1659444426152{margin-top: -250px !important;margin-bottom: 80px !important;padding-top: 280px !important;padding-bottom: 30px !important;background-color: #f3f3f3 !important;}&#8220;][vc_column][vc_column_text animation=&#8220;animation top-to-bottom&#8220;] Uri-Leckerkruste [\/vc_column_text][\/vc_column][\/vc_row][vc_row][vc_column width=&#8220;1\/3&#8243;][vc_single_image image=&#8220;354&#8243; img_size=&#8220;1000&#215;1000&#8243; onclick=&#8220;zoom&#8220; css_animation=&#8220;fadeInLeft&#8220;][\/vc_column][vc_column width=&#8220;2\/3&#8243;][vc_column_text animation=&#8220;animation fade-in&#8220;]Bezeichnung: Urkorn &#8211; Saatenbrot Zutaten: Einkorn, Emmer, Dinkel, Dinkelsauerteig, Sesam, Leinsaat, Steinsalz, Backhefe Beschreibung: Einkorn, Emmer und Dinkel sind die drei Urgetreidesorten, die bei diesem au\u00dfergew\u00f6hnlichen Spezialbrot zum Einsatz kommen. Als&hellip;\" \/>\n<meta property=\"og:url\" content=\"https:\/\/baeckerei-schmitt.de\/baeckerei\/portfolio\/uri-leckerkruste\/\" \/>\n<meta property=\"og:site_name\" content=\"B\u00e4ckerei Schmitt\" \/>\n<meta property=\"article:modified_time\" content=\"2022-08-02T13:10:40+00:00\" \/>\n<meta property=\"og:image\" content=\"https:\/\/baeckerei-schmitt.de\/cms\/content\/uploads\/sites\/2\/img\/fotos\/sortiment\/brote\/uri_compressed-1024x576.png\" \/>\n\t<meta property=\"og:image:width\" content=\"1024\" \/>\n\t<meta property=\"og:image:height\" content=\"576\" \/>\n\t<meta property=\"og:image:type\" content=\"image\/png\" \/>\n<meta name=\"twitter:card\" content=\"summary_large_image\" \/>\n<script type=\"application\/ld+json\" class=\"yoast-schema-graph\">{\"@context\":\"https:\\\/\\\/schema.org\",\"@graph\":[{\"@type\":\"WebPage\",\"@id\":\"https:\\\/\\\/baeckerei-schmitt.de\\\/baeckerei\\\/portfolio\\\/uri-leckerkruste\\\/\",\"url\":\"https:\\\/\\\/baeckerei-schmitt.de\\\/baeckerei\\\/portfolio\\\/uri-leckerkruste\\\/\",\"name\":\"Uri-Leckerkruste &#8211; B\u00e4ckerei Schmitt\",\"isPartOf\":{\"@id\":\"https:\\\/\\\/baeckerei-schmitt.de\\\/baeckerei\\\/#website\"},\"primaryImageOfPage\":{\"@id\":\"https:\\\/\\\/baeckerei-schmitt.de\\\/baeckerei\\\/portfolio\\\/uri-leckerkruste\\\/#primaryimage\"},\"image\":{\"@id\":\"https:\\\/\\\/baeckerei-schmitt.de\\\/baeckerei\\\/portfolio\\\/uri-leckerkruste\\\/#primaryimage\"},\"thumbnailUrl\":\"https:\\\/\\\/baeckerei-schmitt.de\\\/cms\\\/content\\\/uploads\\\/sites\\\/2\\\/img\\\/fotos\\\/sortiment\\\/brote\\\/uri_compressed.png\",\"datePublished\":\"2022-08-01T21:47:14+00:00\",\"dateModified\":\"2022-08-02T13:10:40+00:00\",\"breadcrumb\":{\"@id\":\"https:\\\/\\\/baeckerei-schmitt.de\\\/baeckerei\\\/portfolio\\\/uri-leckerkruste\\\/#breadcrumb\"},\"inLanguage\":\"de\",\"potentialAction\":[{\"@type\":\"ReadAction\",\"target\":[\"https:\\\/\\\/baeckerei-schmitt.de\\\/baeckerei\\\/portfolio\\\/uri-leckerkruste\\\/\"]}]},{\"@type\":\"ImageObject\",\"inLanguage\":\"de\",\"@id\":\"https:\\\/\\\/baeckerei-schmitt.de\\\/baeckerei\\\/portfolio\\\/uri-leckerkruste\\\/#primaryimage\",\"url\":\"https:\\\/\\\/baeckerei-schmitt.de\\\/cms\\\/content\\\/uploads\\\/sites\\\/2\\\/img\\\/fotos\\\/sortiment\\\/brote\\\/uri_compressed.png\",\"contentUrl\":\"https:\\\/\\\/baeckerei-schmitt.de\\\/cms\\\/content\\\/uploads\\\/sites\\\/2\\\/img\\\/fotos\\\/sortiment\\\/brote\\\/uri_compressed.png\",\"width\":2952,\"height\":1660},{\"@type\":\"BreadcrumbList\",\"@id\":\"https:\\\/\\\/baeckerei-schmitt.de\\\/baeckerei\\\/portfolio\\\/uri-leckerkruste\\\/#breadcrumb\",\"itemListElement\":[{\"@type\":\"ListItem\",\"position\":1,\"name\":\"Home\",\"item\":\"https:\\\/\\\/baeckerei-schmitt.de\\\/baeckerei\\\/\"},{\"@type\":\"ListItem\",\"position\":2,\"name\":\"Uri-Leckerkruste\"}]},{\"@type\":\"WebSite\",\"@id\":\"https:\\\/\\\/baeckerei-schmitt.de\\\/baeckerei\\\/#website\",\"url\":\"https:\\\/\\\/baeckerei-schmitt.de\\\/baeckerei\\\/\",\"name\":\"B\u00e4ckerei Schmitt\",\"description\":\"Der B\u00e4cker aus der Nachbarschaft\",\"publisher\":{\"@id\":\"https:\\\/\\\/baeckerei-schmitt.de\\\/baeckerei\\\/#organization\"},\"potentialAction\":[{\"@type\":\"SearchAction\",\"target\":{\"@type\":\"EntryPoint\",\"urlTemplate\":\"https:\\\/\\\/baeckerei-schmitt.de\\\/baeckerei\\\/?s={search_term_string}\"},\"query-input\":{\"@type\":\"PropertyValueSpecification\",\"valueRequired\":true,\"valueName\":\"search_term_string\"}}],\"inLanguage\":\"de\"},{\"@type\":[\"Organization\",\"Place\",\"Bakery\"],\"@id\":\"https:\\\/\\\/baeckerei-schmitt.de\\\/baeckerei\\\/#organization\",\"name\":\"B\u00e4ckerei Schmitt\",\"url\":\"https:\\\/\\\/baeckerei-schmitt.de\\\/baeckerei\\\/\",\"logo\":{\"@id\":\"https:\\\/\\\/baeckerei-schmitt.de\\\/baeckerei\\\/portfolio\\\/uri-leckerkruste\\\/#local-main-organization-logo\"},\"image\":{\"@id\":\"https:\\\/\\\/baeckerei-schmitt.de\\\/baeckerei\\\/portfolio\\\/uri-leckerkruste\\\/#local-main-organization-logo\"},\"address\":{\"@id\":\"https:\\\/\\\/baeckerei-schmitt.de\\\/baeckerei\\\/portfolio\\\/uri-leckerkruste\\\/#local-main-place-address\"},\"geo\":{\"@type\":\"GeoCoordinates\",\"latitude\":\"49.8872734\",\"longitude\":\"10.3115179\"},\"telephone\":[\"+49 9382 8343\"],\"openingHoursSpecification\":[{\"@type\":\"OpeningHoursSpecification\",\"dayOfWeek\":[\"Monday\",\"Tuesday\",\"Wednesday\",\"Thursday\",\"Friday\"],\"opens\":\"06:00\",\"closes\":\"18:00\"},{\"@type\":\"OpeningHoursSpecification\",\"dayOfWeek\":[\"Saturday\"],\"opens\":\"06:00\",\"closes\":\"13:00\"},{\"@type\":\"OpeningHoursSpecification\",\"dayOfWeek\":[\"Sunday\"],\"opens\":\"00:00\",\"closes\":\"00:00\"}],\"email\":\"info@baeckerei-schmitt.de\",\"faxNumber\":\"+49 9382 8443\",\"areaServed\":\"Frankenwinheim, Gerolzhofen, Mainschleife, Franken\",\"currenciesAccepted\":\"\u20ac\"},{\"@type\":\"PostalAddress\",\"@id\":\"https:\\\/\\\/baeckerei-schmitt.de\\\/baeckerei\\\/portfolio\\\/uri-leckerkruste\\\/#local-main-place-address\",\"streetAddress\":\"Gerolzh\u00f6fer Stra\u00dfe 3\",\"addressLocality\":\"Frankenwinheim\",\"postalCode\":\"97447\",\"addressRegion\":\"Bayern\",\"addressCountry\":\"DE\"},{\"@type\":\"ImageObject\",\"inLanguage\":\"de\",\"@id\":\"https:\\\/\\\/baeckerei-schmitt.de\\\/baeckerei\\\/portfolio\\\/uri-leckerkruste\\\/#local-main-organization-logo\",\"url\":\"https:\\\/\\\/baeckerei-schmitt.de\\\/cms\\\/content\\\/uploads\\\/sites\\\/2\\\/img\\\/logo\\\/logo_baeckerei_svg.svg\",\"contentUrl\":\"https:\\\/\\\/baeckerei-schmitt.de\\\/cms\\\/content\\\/uploads\\\/sites\\\/2\\\/img\\\/logo\\\/logo_baeckerei_svg.svg\",\"caption\":\"B\u00e4ckerei Schmitt\"}]}<\/script>\n<meta name=\"geo.placename\" content=\"Frankenwinheim\" \/>\n<meta name=\"geo.position\" content=\"49.8872734;10.3115179\" \/>\n<meta name=\"geo.region\" content=\"Deutschland\" \/>\n<!-- \/ Yoast SEO Premium plugin. -->","yoast_head_json":{"title":"Uri-Leckerkruste &#8211; B\u00e4ckerei Schmitt","robots":{"index":"noindex","follow":"follow"},"og_locale":"de_DE","og_type":"article","og_title":"Uri-Leckerkruste","og_description":"[vc_row thb_full_width=&#8220;true&#8220; css=&#8220;.vc_custom_1659444426152{margin-top: -250px !important;margin-bottom: 80px !important;padding-top: 280px !important;padding-bottom: 30px !important;background-color: #f3f3f3 !important;}&#8220;][vc_column][vc_column_text animation=&#8220;animation top-to-bottom&#8220;] Uri-Leckerkruste [\/vc_column_text][\/vc_column][\/vc_row][vc_row][vc_column width=&#8220;1\/3&#8243;][vc_single_image image=&#8220;354&#8243; img_size=&#8220;1000&#215;1000&#8243; onclick=&#8220;zoom&#8220; css_animation=&#8220;fadeInLeft&#8220;][\/vc_column][vc_column width=&#8220;2\/3&#8243;][vc_column_text animation=&#8220;animation fade-in&#8220;]Bezeichnung: Urkorn &#8211; Saatenbrot Zutaten: Einkorn, Emmer, Dinkel, Dinkelsauerteig, Sesam, Leinsaat, Steinsalz, Backhefe Beschreibung: Einkorn, Emmer und Dinkel sind die drei Urgetreidesorten, die bei diesem au\u00dfergew\u00f6hnlichen Spezialbrot zum Einsatz kommen. Als&hellip;","og_url":"https:\/\/baeckerei-schmitt.de\/baeckerei\/portfolio\/uri-leckerkruste\/","og_site_name":"B\u00e4ckerei Schmitt","article_modified_time":"2022-08-02T13:10:40+00:00","og_image":[{"width":1024,"height":576,"url":"https:\/\/baeckerei-schmitt.de\/cms\/content\/uploads\/sites\/2\/img\/fotos\/sortiment\/brote\/uri_compressed-1024x576.png","type":"image\/png"}],"twitter_card":"summary_large_image","schema":{"@context":"https:\/\/schema.org","@graph":[{"@type":"WebPage","@id":"https:\/\/baeckerei-schmitt.de\/baeckerei\/portfolio\/uri-leckerkruste\/","url":"https:\/\/baeckerei-schmitt.de\/baeckerei\/portfolio\/uri-leckerkruste\/","name":"Uri-Leckerkruste &#8211; B\u00e4ckerei Schmitt","isPartOf":{"@id":"https:\/\/baeckerei-schmitt.de\/baeckerei\/#website"},"primaryImageOfPage":{"@id":"https:\/\/baeckerei-schmitt.de\/baeckerei\/portfolio\/uri-leckerkruste\/#primaryimage"},"image":{"@id":"https:\/\/baeckerei-schmitt.de\/baeckerei\/portfolio\/uri-leckerkruste\/#primaryimage"},"thumbnailUrl":"https:\/\/baeckerei-schmitt.de\/cms\/content\/uploads\/sites\/2\/img\/fotos\/sortiment\/brote\/uri_compressed.png","datePublished":"2022-08-01T21:47:14+00:00","dateModified":"2022-08-02T13:10:40+00:00","breadcrumb":{"@id":"https:\/\/baeckerei-schmitt.de\/baeckerei\/portfolio\/uri-leckerkruste\/#breadcrumb"},"inLanguage":"de","potentialAction":[{"@type":"ReadAction","target":["https:\/\/baeckerei-schmitt.de\/baeckerei\/portfolio\/uri-leckerkruste\/"]}]},{"@type":"ImageObject","inLanguage":"de","@id":"https:\/\/baeckerei-schmitt.de\/baeckerei\/portfolio\/uri-leckerkruste\/#primaryimage","url":"https:\/\/baeckerei-schmitt.de\/cms\/content\/uploads\/sites\/2\/img\/fotos\/sortiment\/brote\/uri_compressed.png","contentUrl":"https:\/\/baeckerei-schmitt.de\/cms\/content\/uploads\/sites\/2\/img\/fotos\/sortiment\/brote\/uri_compressed.png","width":2952,"height":1660},{"@type":"BreadcrumbList","@id":"https:\/\/baeckerei-schmitt.de\/baeckerei\/portfolio\/uri-leckerkruste\/#breadcrumb","itemListElement":[{"@type":"ListItem","position":1,"name":"Home","item":"https:\/\/baeckerei-schmitt.de\/baeckerei\/"},{"@type":"ListItem","position":2,"name":"Uri-Leckerkruste"}]},{"@type":"WebSite","@id":"https:\/\/baeckerei-schmitt.de\/baeckerei\/#website","url":"https:\/\/baeckerei-schmitt.de\/baeckerei\/","name":"B\u00e4ckerei Schmitt","description":"Der B\u00e4cker aus der Nachbarschaft","publisher":{"@id":"https:\/\/baeckerei-schmitt.de\/baeckerei\/#organization"},"potentialAction":[{"@type":"SearchAction","target":{"@type":"EntryPoint","urlTemplate":"https:\/\/baeckerei-schmitt.de\/baeckerei\/?s={search_term_string}"},"query-input":{"@type":"PropertyValueSpecification","valueRequired":true,"valueName":"search_term_string"}}],"inLanguage":"de"},{"@type":["Organization","Place","Bakery"],"@id":"https:\/\/baeckerei-schmitt.de\/baeckerei\/#organization","name":"B\u00e4ckerei Schmitt","url":"https:\/\/baeckerei-schmitt.de\/baeckerei\/","logo":{"@id":"https:\/\/baeckerei-schmitt.de\/baeckerei\/portfolio\/uri-leckerkruste\/#local-main-organization-logo"},"image":{"@id":"https:\/\/baeckerei-schmitt.de\/baeckerei\/portfolio\/uri-leckerkruste\/#local-main-organization-logo"},"address":{"@id":"https:\/\/baeckerei-schmitt.de\/baeckerei\/portfolio\/uri-leckerkruste\/#local-main-place-address"},"geo":{"@type":"GeoCoordinates","latitude":"49.8872734","longitude":"10.3115179"},"telephone":["+49 9382 8343"],"openingHoursSpecification":[{"@type":"OpeningHoursSpecification","dayOfWeek":["Monday","Tuesday","Wednesday","Thursday","Friday"],"opens":"06:00","closes":"18:00"},{"@type":"OpeningHoursSpecification","dayOfWeek":["Saturday"],"opens":"06:00","closes":"13:00"},{"@type":"OpeningHoursSpecification","dayOfWeek":["Sunday"],"opens":"00:00","closes":"00:00"}],"email":"info@baeckerei-schmitt.de","faxNumber":"+49 9382 8443","areaServed":"Frankenwinheim, Gerolzhofen, Mainschleife, Franken","currenciesAccepted":"\u20ac"},{"@type":"PostalAddress","@id":"https:\/\/baeckerei-schmitt.de\/baeckerei\/portfolio\/uri-leckerkruste\/#local-main-place-address","streetAddress":"Gerolzh\u00f6fer Stra\u00dfe 3","addressLocality":"Frankenwinheim","postalCode":"97447","addressRegion":"Bayern","addressCountry":"DE"},{"@type":"ImageObject","inLanguage":"de","@id":"https:\/\/baeckerei-schmitt.de\/baeckerei\/portfolio\/uri-leckerkruste\/#local-main-organization-logo","url":"https:\/\/baeckerei-schmitt.de\/cms\/content\/uploads\/sites\/2\/img\/logo\/logo_baeckerei_svg.svg","contentUrl":"https:\/\/baeckerei-schmitt.de\/cms\/content\/uploads\/sites\/2\/img\/logo\/logo_baeckerei_svg.svg","caption":"B\u00e4ckerei Schmitt"}]},"geo.placename":"Frankenwinheim","geo.position":{"lat":"49.8872734","long":"10.3115179"},"geo.region":"Deutschland"},"_links":{"self":[{"href":"https:\/\/baeckerei-schmitt.de\/baeckerei\/wp-json\/wp\/v2\/portfolio\/370","targetHints":{"allow":["GET"]}}],"collection":[{"href":"https:\/\/baeckerei-schmitt.de\/baeckerei\/wp-json\/wp\/v2\/portfolio"}],"about":[{"href":"https:\/\/baeckerei-schmitt.de\/baeckerei\/wp-json\/wp\/v2\/types\/portfolio"}],"replies":[{"embeddable":true,"href":"https:\/\/baeckerei-schmitt.de\/baeckerei\/wp-json\/wp\/v2\/comments?post=370"}],"version-history":[{"count":2,"href":"https:\/\/baeckerei-schmitt.de\/baeckerei\/wp-json\/wp\/v2\/portfolio\/370\/revisions"}],"predecessor-version":[{"id":578,"href":"https:\/\/baeckerei-schmitt.de\/baeckerei\/wp-json\/wp\/v2\/portfolio\/370\/revisions\/578"}],"wp:featuredmedia":[{"embeddable":true,"href":"https:\/\/baeckerei-schmitt.de\/baeckerei\/wp-json\/wp\/v2\/media\/354"}],"wp:attachment":[{"href":"https:\/\/baeckerei-schmitt.de\/baeckerei\/wp-json\/wp\/v2\/media?parent=370"}],"wp:term":[{"taxonomy":"post_tag","embeddable":true,"href":"https:\/\/baeckerei-schmitt.de\/baeckerei\/wp-json\/wp\/v2\/tags?post=370"}],"curies":[{"name":"wp","href":"https:\/\/api.w.org\/{rel}","templated":true}]}}